{"id":450,"date":"2015-07-24T11:49:16","date_gmt":"2015-07-24T09:49:16","guid":{"rendered":"http:\/\/www.ullageiges.com\/new\/?page_id=450"},"modified":"2018-03-16T18:25:23","modified_gmt":"2018-03-16T17:25:23","slug":"bildungsprojekte","status":"publish","type":"page","link":"https:\/\/www.ullageiges.de\/?page_id=450","title":{"rendered":"Bildungsprojekte"},"content":{"rendered":"<p><span style=\"font-size: 12pt; color: #442a1b;\">2017<\/span><br \/>\n<strong>Maria Montessori Gesamtschule Aachen<\/strong>: Einf\u00fchrung des Fachs K\u00f6rpersprache f\u00fcr alle f\u00fcnften Klassen.<\/p>\n<p><span style=\"font-size: 12pt; color: #442a1b;\">2016<\/span><br \/>\n<strong>\u201eIch, Du und die anderen\u201c<\/strong><br \/>\nTanzTheaterProjekt im Ludwig Forum Aachen mit minderj\u00e4hrigen unbegleiteten Fl\u00fcchtlingen.<\/p>\n<p><a href=\"https:\/\/www.ullageiges.de\/wp-content\/uploads\/2018\/02\/3153.jpg\"><img loading=\"lazy\" class=\"alignnone wp-image-857\" src=\"https:\/\/www.ullageiges.de\/wp-content\/uploads\/2018\/02\/3153-300x200.jpg\" alt=\"\" width=\"240\" height=\"160\" srcset=\"https:\/\/www.ullageiges.de\/wp-content\/uploads\/2018\/02\/3153-300x200.jpg 300w, https:\/\/www.ullageiges.de\/wp-content\/uploads\/2018\/02\/3153-768x512.jpg 768w, https:\/\/www.ullageiges.de\/wp-content\/uploads\/2018\/02\/3153-1024x683.jpg 1024w, https:\/\/www.ullageiges.de\/wp-content\/uploads\/2018\/02\/3153.jpg 1200w\" sizes=\"(max-width: 240px) 100vw, 240px\" \/><\/a><\/p>\n<p><span style=\"font-size: 12pt; color: #442a1b;\">2015<\/span><br \/>\n<strong>\u201e\u2026auf dem Weg &#8211; eine Entdeckungsreise\u201c<\/strong><br \/>\nTanzTheaterProjekt im Ludwig Forum Aachen mit minderj\u00e4hrigen unbegleiteten Fl\u00fcchtlingen.<\/p>\n<figure id=\"attachment_849\" aria-describedby=\"caption-attachment-849\" style=\"width: 240px\" class=\"wp-caption alignnone\"><a href=\"https:\/\/www.ullageiges.de\/wp-content\/uploads\/2018\/02\/2015_08_09_Auf-dem-Weg_2015_cTL_001.jpg\"><img loading=\"lazy\" class=\"wp-image-849\" src=\"https:\/\/www.ullageiges.de\/wp-content\/uploads\/2018\/02\/2015_08_09_Auf-dem-Weg_2015_cTL_001-300x200.jpg\" alt=\"\" width=\"240\" height=\"160\" srcset=\"https:\/\/www.ullageiges.de\/wp-content\/uploads\/2018\/02\/2015_08_09_Auf-dem-Weg_2015_cTL_001-300x200.jpg 300w, https:\/\/www.ullageiges.de\/wp-content\/uploads\/2018\/02\/2015_08_09_Auf-dem-Weg_2015_cTL_001-768x512.jpg 768w, https:\/\/www.ullageiges.de\/wp-content\/uploads\/2018\/02\/2015_08_09_Auf-dem-Weg_2015_cTL_001-1024x683.jpg 1024w, https:\/\/www.ullageiges.de\/wp-content\/uploads\/2018\/02\/2015_08_09_Auf-dem-Weg_2015_cTL_001.jpg 1200w\" sizes=\"(max-width: 240px) 100vw, 240px\" \/><\/a><figcaption id=\"caption-attachment-849\" class=\"wp-caption-text\">Foto: Thomas Langens<\/figcaption><\/figure>\n<p><img loading=\"lazy\" class=\"alignnone wp-image-838 size-full\" src=\"https:\/\/www.ullageiges.de\/wp-content\/uploads\/2018\/02\/kinder_jugend_kultur.png\" alt=\"\" width=\"181\" height=\"66\" \/><\/p>\n<p><span style=\"font-size: 12pt; color: #442a1b;\">2012<\/span><br \/>\n<strong>&#8222;Die M\u00e4dchen von Theresienstadt&#8220;<\/strong><br \/>\nInszenierung der Kinderoper von David Graham am Viktoria-Luise-Gymnasium, Hameln.<\/p>\n<p><span style=\"font-size: 12pt; color: #442a1b;\">2011<\/span><br \/>\n<strong>&#8222;Iwein L\u00f6wenritter&#8220;<\/strong><br \/>\nTanzprojekt f\u00fcr die Unterstufe des Viktoria-Luise-Gymnasiums, Hameln.<br \/>\n<span style=\"color: #442a1b;\"><strong>&gt;&gt;&gt;&gt;&gt; Artikel:<\/strong>\u00a0\u00a0<\/span><a href=\"https:\/\/www.ullageiges.de\/kritiken\/Dewezet_071011.jpg\">Dewezet 07.10.2011<\/a>\u00a0 | \u00a0<a href=\"https:\/\/www.ullageiges.de\/kritiken\/Dewezet_28_03_11.jpg\" target=\"_blank\" rel=\"noopener\">Dewezet 28.11.2011<\/a>\u00a0 | \u00a0<a href=\"https:\/\/www.ullageiges.de\/images\/Votum_der_Jury.jpg\" target=\"_blank\" rel=\"noopener\">Votum der Jury<br \/>\n<\/a><br \/>\n<img loading=\"lazy\" class=\"alignnone size-full wp-image-845\" src=\"https:\/\/www.ullageiges.de\/wp-content\/uploads\/2018\/02\/olymp.jpg\" alt=\"\" width=\"120\" height=\"96\" \/><\/p>\n<p><span style=\"font-size: 12pt; color: #442a1b;\">2011<\/span><br \/>\n<strong>&#8222;Die Werkstatt der Schmetterlinge&#8220;<\/strong><br \/>\nChoreographie f\u00fcr das gleichnamige Theaterst\u00fcck von Gioconda Belli an der Europaschule in Herzogenrath.<\/p>\n<p><span style=\"font-size: 12pt; color: #442a1b;\">2010<\/span><br \/>\n<strong>&#8222;&#8230;ein unerf\u00fcllter Traum?&#8220;<\/strong><br \/>\nTanzprojekt mit jugendlichen Straft\u00e4tern zum Thema Liebe, Vertrauen, Toleranz, Freiheit und Glaube.<\/p>\n<p><span style=\"font-size: 12pt; color: #442a1b;\">2009<\/span><br \/>\n<strong>&#8222;Schritte und ihr Echo&#8220;<\/strong><br \/>\nTanzprojekt im Raum Aachen zum Thema Zivilcourage.<\/p>\n<p><img loading=\"lazy\" class=\"alignnone size-full wp-image-845\" src=\"https:\/\/www.ullageiges.de\/wp-content\/uploads\/2018\/02\/olymp.jpg\" alt=\"\" width=\"120\" height=\"96\" \/><\/p>\n<p><span style=\"font-size: 12pt; color: #442a1b;\">2006<\/span><br \/>\n<strong>Genoveva Gymnasium, K\u00f6ln<\/strong>: Einf\u00fchrung des Fachs Tanz im schulischen Ganztag.<\/p>\n<p><a href=\"https:\/\/www.ullageiges.de\/wp-content\/uploads\/2015\/11\/bildung01.jpg\"><img loading=\"lazy\" class=\"alignnone wp-image-614\" src=\"https:\/\/www.ullageiges.de\/wp-content\/uploads\/2015\/11\/bildung01-300x200.jpg\" alt=\"bildung01\" width=\"240\" height=\"160\" srcset=\"https:\/\/www.ullageiges.de\/wp-content\/uploads\/2015\/11\/bildung01-300x200.jpg 300w, https:\/\/www.ullageiges.de\/wp-content\/uploads\/2015\/11\/bildung01-768x511.jpg 768w, https:\/\/www.ullageiges.de\/wp-content\/uploads\/2015\/11\/bildung01-1024x681.jpg 1024w, https:\/\/www.ullageiges.de\/wp-content\/uploads\/2015\/11\/bildung01.jpg 1200w\" sizes=\"(max-width: 240px) 100vw, 240px\" \/><\/a>\u00a0 \u00a0<a href=\"https:\/\/www.ullageiges.de\/wp-content\/uploads\/2015\/07\/bildung02.jpg\"><img loading=\"lazy\" class=\"alignnone wp-image-618\" src=\"https:\/\/www.ullageiges.de\/wp-content\/uploads\/2015\/07\/bildung02-300x200.jpg\" alt=\"bildung02\" width=\"240\" height=\"160\" srcset=\"https:\/\/www.ullageiges.de\/wp-content\/uploads\/2015\/07\/bildung02-300x200.jpg 300w, https:\/\/www.ullageiges.de\/wp-content\/uploads\/2015\/07\/bildung02-768x511.jpg 768w, https:\/\/www.ullageiges.de\/wp-content\/uploads\/2015\/07\/bildung02-1024x681.jpg 1024w, https:\/\/www.ullageiges.de\/wp-content\/uploads\/2015\/07\/bildung02.jpg 1200w\" sizes=\"(max-width: 240px) 100vw, 240px\" \/><\/a>\u00a0 \u00a0<a href=\"https:\/\/www.ullageiges.de\/wp-content\/uploads\/2015\/07\/bildung03.jpg\"><img loading=\"lazy\" class=\"alignnone wp-image-620\" src=\"https:\/\/www.ullageiges.de\/wp-content\/uploads\/2015\/07\/bildung03-300x200.jpg\" alt=\"bildung03\" width=\"240\" height=\"160\" srcset=\"https:\/\/www.ullageiges.de\/wp-content\/uploads\/2015\/07\/bildung03-300x200.jpg 300w, https:\/\/www.ullageiges.de\/wp-content\/uploads\/2015\/07\/bildung03-768x511.jpg 768w, https:\/\/www.ullageiges.de\/wp-content\/uploads\/2015\/07\/bildung03-1024x681.jpg 1024w, https:\/\/www.ullageiges.de\/wp-content\/uploads\/2015\/07\/bildung03.jpg 1200w\" sizes=\"(max-width: 240px) 100vw, 240px\" \/><\/a><\/p>\n","protected":false},"excerpt":{"rendered":"<p>2017 Maria Montessori Gesamtschule Aachen: Einf\u00fchrung des Fachs K\u00f6rpersprache f\u00fcr alle f\u00fcnften Klassen. 2016 \u201eIch, Du und die anderen\u201c TanzTheaterProjekt im Ludwig Forum Aachen mit minderj\u00e4hrigen unbegleiteten Fl\u00fcchtlingen. 2015 \u201e\u2026auf dem Weg &#8211; eine Entdeckungsreise\u201c TanzTheaterProjekt im Ludwig Forum Aachen mit minderj\u00e4hrigen unbegleiteten Fl\u00fcchtlingen. 2012 &#8222;Die M\u00e4dchen von Theresienstadt&#8220; Inszenierung der Kinderoper von David Graham &hellip; <a href=\"https:\/\/www.ullageiges.de\/?page_id=450\" class=\"more-link\"><span class=\"screen-reader-text\">Bildungsprojekte<\/span> weiterlesen <span class=\"meta-nav\">&rarr;<\/span><\/a><\/p>\n","protected":false},"author":1,"featured_media":0,"parent":0,"menu_order":0,"comment_status":"closed","ping_status":"closed","template":"page-templates\/full-width.php","meta":{"_links_to":"","_links_to_target":""},"_links":{"self":[{"href":"https:\/\/www.ullageiges.de\/index.php?rest_route=\/wp\/v2\/pages\/450"}],"collection":[{"href":"https:\/\/www.ullageiges.de\/index.php?rest_route=\/wp\/v2\/pages"}],"about":[{"href":"https:\/\/www.ullageiges.de\/index.php?rest_route=\/wp\/v2\/types\/page"}],"author":[{"embeddable":true,"href":"https:\/\/www.ullageiges.de\/index.php?rest_route=\/wp\/v2\/users\/1"}],"replies":[{"embeddable":true,"href":"https:\/\/www.ullageiges.de\/index.php?rest_route=%2Fwp%2Fv2%2Fcomments&post=450"}],"version-history":[{"count":0,"href":"https:\/\/www.ullageiges.de\/index.php?rest_route=\/wp\/v2\/pages\/450\/revisions"}],"wp:attachment":[{"href":"https:\/\/www.ullageiges.de\/index.php?rest_route=%2Fwp%2Fv2%2Fmedia&parent=450"}],"curies":[{"name":"wp","href":"https:\/\/api.w.org\/{rel}","templated":true}]}}